{"id":2098,"date":"2025-06-26T23:40:22","date_gmt":"2025-06-27T02:40:22","guid":{"rendered":"https:\/\/folhaespirita.com.br\/loja\/produto\/a-dimensao-espiritual-da-medicina-casos-clinicos-reais-do-programa-ame-em-foco\/"},"modified":"2026-03-04T13:17:21","modified_gmt":"2026-03-04T16:17:21","slug":"a-dimensao-espiritual-da-medicina-casos-clinicos-reais-do-programa-ame-em-foco","status":"publish","type":"product","link":"https:\/\/folhaespirita.com.br\/loja\/produto\/a-dimensao-espiritual-da-medicina-casos-clinicos-reais-do-programa-ame-em-foco\/","title":{"rendered":"A Dimens\u00e3o Espiritual da Medicina &#8211; Casos cl\u00ednicos reais do programa AME em Foco"},"content":{"rendered":"<p>Voc\u00ea \u00e9 mosso convidado para explorar a conex\u00e3o inspiradora entre medicina, espiritualidade e espiritismo por meio de casos cl\u00ednicos reais e relevantes. As ideias discutidas nesta obra nasceram ap\u00f3s diversas observa\u00e7\u00f5es atentas feitas pelos participantes, embasadas tanto na literatura esp\u00edrita quanto na cient\u00edfica atual. Ao apresentar uma vis\u00e3o ampla dos fen\u00f4menos envolvidos nos casos atendidos, propomos terap\u00eauticas que possam auxiliar os pacientes na conquista do equil\u00edbrio e da sa\u00fade. Com a contribui\u00e7\u00e3o de profissionais experientes e renomados em suas \u00e1reas de atua\u00e7\u00e3o, A dimens\u00e3o espiritual da medicina oferece modelos de entendimento sobre diversas quest\u00f5es relacionadas \u00e0 sa\u00fade e ao adoecimento, enfatizando que o objetivo nobre de qualquer conhecimento \u00e9 ser praticado continuamente como exerc\u00edcio de amor ao pr\u00f3xim<\/p>\n","protected":false},"excerpt":{"rendered":"<p>Voc\u00ea \u00e9 mosso convidado para explorar a conex\u00e3o inspiradora entre medicina, espiritualidade e espiritismo por meio de casos cl\u00ednicos reais e relevantes. As ideias discutidas nesta obra nasceram ap\u00f3s diversas observa\u00e7\u00f5es atentas feitas pelos participantes, embasadas tanto na literatura esp\u00edrita quanto na cient\u00edfica atual. Ao apresentar uma vis\u00e3o ampla dos fen\u00f4menos envolvidos nos casos atendidos, [&hellip;]<\/p>\n","protected":false},"featured_media":2448,"comment_status":"open","ping_status":"closed","template":"","meta":[],"product_brand":[],"product_cat":[26,24,21,122,121],"product_tag":[],"class_list":{"0":"post-2098","1":"product","2":"type-product","3":"status-publish","4":"has-post-thumbnail","6":"product_cat-autores","7":"product_cat-impressos","8":"product_cat-livros","9":"product_cat-marcus-renato-ribeiro","10":"product_cat-rafael-latorraca","12":"first","13":"instock","14":"shipping-taxable","15":"purchasable","16":"product-type-simple"},"_links":{"self":[{"href":"https:\/\/folhaespirita.com.br\/loja\/wp-json\/wp\/v2\/product\/2098","targetHints":{"allow":["GET"]}}],"collection":[{"href":"https:\/\/folhaespirita.com.br\/loja\/wp-json\/wp\/v2\/product"}],"about":[{"href":"https:\/\/folhaespirita.com.br\/loja\/wp-json\/wp\/v2\/types\/product"}],"replies":[{"embeddable":true,"href":"https:\/\/folhaespirita.com.br\/loja\/wp-json\/wp\/v2\/comments?post=2098"}],"wp:featuredmedia":[{"embeddable":true,"href":"https:\/\/folhaespirita.com.br\/loja\/wp-json\/wp\/v2\/media\/2448"}],"wp:attachment":[{"href":"https:\/\/folhaespirita.com.br\/loja\/wp-json\/wp\/v2\/media?parent=2098"}],"wp:term":[{"taxonomy":"product_brand","embeddable":true,"href":"https:\/\/folhaespirita.com.br\/loja\/wp-json\/wp\/v2\/product_brand?post=2098"},{"taxonomy":"product_cat","embeddable":true,"href":"https:\/\/folhaespirita.com.br\/loja\/wp-json\/wp\/v2\/product_cat?post=2098"},{"taxonomy":"product_tag","embeddable":true,"href":"https:\/\/folhaespirita.com.br\/loja\/wp-json\/wp\/v2\/product_tag?post=2098"}],"curies":[{"name":"wp","href":"https:\/\/api.w.org\/{rel}","templated":true}]}}