{"id":10083,"date":"2025-03-08T13:58:33","date_gmt":"2025-03-08T16:58:33","guid":{"rendered":"https:\/\/folhaespirita.com.br.br\/?p=1396"},"modified":"2026-01-17T16:44:42","modified_gmt":"2026-01-17T19:44:42","slug":"marco-espirita-reflexoes-e-marcos-historicos-da-doutrina-no-brasil-e-no-mundo","status":"publish","type":"publicacao","link":"https:\/\/folhaespirita.com.br\/pt\/publicacao\/marco-espirita-reflexoes-e-marcos-historicos-da-doutrina-no-brasil-e-no-mundo\/","title":{"rendered":"Mar\u00e7o Esp\u00edrita: Reflex\u00f5es e marcos hist\u00f3ricos da doutrina no Brasil e no mundo."},"content":{"rendered":"<figure class=\"wp-block-post-featured-image\"><img fetchpriority=\"high\" decoding=\"async\" width=\"718\" height=\"464\" src=\"https:\/\/folhaespirita.com.br\/wp-content\/uploads\/2025\/03\/Marco-Espirita-Reflexoes-e-marcos-historicos-da-doutrina-no-Brasil-e-no-mundo.jpeg\" class=\"attachment-post-thumbnail size-post-thumbnail wp-post-image\" alt=\"Mar\u00e7o Esp\u00edrita: Reflex\u00f5es e marcos hist\u00f3ricos da doutrina no Brasil e no mundo.\" style=\"object-fit:cover;\" srcset=\"https:\/\/folhaespirita.com.br\/wp-content\/uploads\/2025\/03\/Marco-Espirita-Reflexoes-e-marcos-historicos-da-doutrina-no-Brasil-e-no-mundo.jpeg 718w, https:\/\/folhaespirita.com.br\/wp-content\/uploads\/2025\/03\/Marco-Espirita-Reflexoes-e-marcos-historicos-da-doutrina-no-Brasil-e-no-mundo-300x194.jpeg 300w\" sizes=\"(max-width: 718px) 100vw, 718px\" \/><\/figure>\n\n\n<p>O m\u00eas de mar\u00e7o carrega consigo uma s\u00e9rie de acontecimentos importantes para a hist\u00f3ria do Espiritismo no Brasil e no mundo. S\u00e3o datas que n\u00e3o apenas registram fatos do passado, mas que ajudam a compreender a evolu\u00e7\u00e3o da Doutrina, suas bases filos\u00f3ficas e os esfor\u00e7os daqueles que dedicaram suas vidas \u00e0 dissemina\u00e7\u00e3o dos ensinamentos esp\u00edritas.<\/p>\n\n\n\n<p>Ao contr\u00e1rio das tradicionais datas comemorativas, os eventos relacionados ao Espiritismo n\u00e3o s\u00e3o voltados a homenagens, mas sim \u00e0 reflex\u00e3o e ao aprendizado. Cada um desses marcos representa um passo na trajet\u00f3ria da Doutrina, seja por meio do nascimento e desencarne de grandes personalidades, da funda\u00e7\u00e3o de institui\u00e7\u00f5es importantes ou da publica\u00e7\u00e3o de obras que contribu\u00edram para a propaga\u00e7\u00e3o do conhecimento esp\u00edrita.<\/p>\n\n\n\n<p>Neste artigo, exploramos alguns dos principais acontecimentos esp\u00edritas do m\u00eas de mar\u00e7o, relembrando nomes como Allan Kardec, Gabriel Delanne, Jos\u00e9 Herculano Pires, Yvonne do Amaral Pereira, entre outros, que deixaram um legado fundamental para todos aqueles que buscam compreender e viver os ensinamentos esp\u00edritas.<\/p>\n\n\n\n<figure class=\"wp-block-table\"><table class=\"has-fixed-layout\"><tbody><tr><td><strong>Data<\/strong><\/td><td><strong>Evento<\/strong><\/td><\/tr><tr><td>04\/03\/1858<\/td><td>Desencarna o magnetizador e pesquisador de fen\u00f4menos paranormais, Bento Mure; foi ainda o introdutor da Homeopatia no Brasil.<\/td><\/tr><tr><td>05\/03\/1815<\/td><td>Desencarna Mesmer, Franz Anton, m\u00e9dico e magnetizador, pai do Mesmerismo.<\/td><\/tr><tr><td>05\/03\/1939<\/td><td>Funda\u00e7\u00e3o do Centro Esp\u00edrita Bezerra de Menezes, no Rio de Janeiro (RJ), tendo como fundador e primeiro presidente o professor Arnaldo Claro de S. Thiago.<\/td><\/tr><tr><td>06\/03\/1921<\/td><td>O Gr\u00eamio Esp\u00edrita Nazareno inicia a Evangeliza\u00e7\u00e3o para Inf\u00e2ncia, organizada por Vianna de Carvalho, Moreira Guimar\u00e3es e Luiz de Oliveira.<\/td><\/tr><tr><td>07\/03\/1937<\/td><td>Funda\u00e7\u00e3o da Alian\u00e7a Esp\u00edrita de Propaganda e Caridade, em S\u00e3o Paulo (SP), tendo como fundadores Sebasti\u00e3o Moggi da Fonseca e Luiz Gomes da Silva.<\/td><\/tr><tr><td>08\/03\/1938<\/td><td>Desencarna Sebasti\u00e3o Paran\u00e1 de S\u00e1, fundador da Federa\u00e7\u00e3o Esp\u00edrita do Estado do Paran\u00e1.<\/td><\/tr><tr><td>09\/03\/1979<\/td><td>Data do desencarne de Jos\u00e9 Herculano Pires, autor de v\u00e1rios livros e tradutor das obras de Kardec.<\/td><\/tr><tr><td>09\/03\/1984<\/td><td>Desencarna, no Rio de Janeiro, Yvonne do Amaral Pereira.<\/td><\/tr><tr><td>10\/03\/1986<\/td><td>Desencarna, no Rio de Janeiro, Francisco Klors Werneck, escritor esp\u00edrita.<\/td><\/tr><tr><td>11\/03\/1951<\/td><td>Desencarna, na cidade de Niter\u00f3i (RJ), um dos organizadores do I Congresso de Mocidades Esp\u00edritas do Brasil, Jo\u00e3o Batista Chagas.<\/td><\/tr><tr><td>13\/03\/1919<\/td><td>Funda\u00e7\u00e3o do Centro Esp\u00edrita Friburguense, em Nova Friburgo (RJ).<\/td><\/tr><tr><td>14\/03\/1874<\/td><td>O pesquisador naturalista ingl\u00eas Alfred Russel Wallace torna-se o primeiro cientista a obter uma fotografia de um Esp\u00edrito materializado.<\/td><\/tr><tr><td>16\/03\/1893<\/td><td>Desencarne do pioneiro do Espiritismo no Brasil, Luiz Olimpio Telles Menezes. Fundou o Grupo Familiar do Espiritismo e o jornal Eco d&#8217;Al\u00e9m T\u00famulo.<\/td><\/tr><tr><td>19\/03\/1819<\/td><td>Nasce Jos\u00e9 Maria Fernandez Colavida, tradutor das obras de Kardec para o espanhol. A Federa\u00e7\u00e3o Esp\u00edrita Brasileira publica A Barqueira do J\u00facar, um dos seus livros.<\/td><\/tr><tr><td>19\/03\/1963<\/td><td>Desencarna \u00c2ngelo Watson Campelo, substituto de Cairbar Schutel em O Clarim.<\/td><\/tr><tr><td>21\/03\/1880<\/td><td>Bittencourt Sampaio, Antonio Luiz Say\u00e3o, Frederico Junior, entre outros, fundam o Grupo Esp\u00edrita Fraternidade.<\/td><\/tr><tr><td>21\/03\/1945<\/td><td>Desencarne de Frederico Augusto da Silva, um dos fundadores da Federa\u00e7\u00e3o Esp\u00edrita do Rio Grande do Sul.<\/td><\/tr><tr><td>22\/03\/1882<\/td><td>Publica\u00e7\u00e3o pela primeira vez, na l\u00edngua portuguesa, do livro A G\u00eanese, de Allan Kardec.<\/td><\/tr><tr><td>23\/03\/1857<\/td><td>Nasce Gabriel Delanne, o cientista da Codifica\u00e7\u00e3o Esp\u00edrita. A Federa\u00e7\u00e3o Esp\u00edrita Brasileira publica seus livros: A Alma \u00e9 Imortal, O Espiritismo perante a Ci\u00eancia, A Evolu\u00e7\u00e3o An\u00edmica, O Fen\u00f4meno Esp\u00edrita, A Reencarna\u00e7\u00e3o.<\/td><\/tr><tr><td>23\/03\/1876<\/td><td>Funda\u00e7\u00e3o da Sociedade de Estudos Esp\u00edritas Deus, Cristo e Caridade, sob a inspira\u00e7\u00e3o de Ismael, Guia Espiritual do Brasil.<\/td><\/tr><tr><td>24\/03\/1881<\/td><td>Surge o jornal Uni\u00e3o e Cren\u00e7a, publicado em Areias (SP).<\/td><\/tr><tr><td>25\/03\/1856<\/td><td>Allan Kardec toma conhecimento atrav\u00e9s de uma comunica\u00e7\u00e3o medi\u00fanica da exist\u00eancia do Esp\u00edrito A Verdade, esteio da codifica\u00e7\u00e3o.<\/td><\/tr><tr><td>25\/03\/1939<\/td><td>Desencarna Jos\u00e9 Petitinga (Jos\u00e9 Florentino de Sena), fundador da Uni\u00e3o Esp\u00edrita da Bahia.<\/td><\/tr><tr><td>26\/03\/1964<\/td><td>Desencarna Antonio Lima. Al\u00e9m de tradutor das obras de Kardec, escreveu livros, tendo a FEB publicado A Caminho do Abismo, Estrada de Damasco, Senda de Espinhos, Vida de Jesus.<\/td><\/tr><tr><td>27\/03\/1896<\/td><td>Surge Alvi\u00e3o, jornal esp\u00edrita publicado na cidade de Taubat\u00e9 (SP).<\/td><\/tr><tr><td>28\/03\/1905<\/td><td>Nasce Francisco Klors Werneck, um dos fundadores da Liga Esp\u00edrita do Brasil.<\/td><\/tr><tr><td>30\/03\/1969<\/td><td>Desencarne de Sebasti\u00e3o Lasneau. Poeta cego, um dos criadores da Semana Esp\u00edrita.<\/td><\/tr><tr><td>31\/03\/1869<\/td><td>Desencarna em Paris, v\u00edtima de um aneurisma, Allan Kardec, O Codificador da Doutrina Esp\u00edrita.<\/td><\/tr><tr><td>31\/03\/1870<\/td><td>\u00c9 inaugurado em Paris, no cemit\u00e9rio de P\u00e9re-Lachaise, o monumento funer\u00e1rio de estilo celta para receber os despojos de Allan Kardec.<\/td><\/tr><tr><td>31\/03\/1897<\/td><td>Funda\u00e7\u00e3o da Livraria da Federa\u00e7\u00e3o Esp\u00edrita Brasileira.<\/td><\/tr><tr><td>31\/03\/1903<\/td><td>Desencarna Antonio Luiz Say\u00e3o, escritor esp\u00edrita. A FEB publica sua obra Elucida\u00e7\u00f5es Evang\u00e9licas.<\/td><\/tr><\/tbody><\/table><\/figure>\n\n\n\n<p>Cada um desses acontecimentos n\u00e3o deve ser visto apenas como um fato isolado no tempo, mas como parte de um processo cont\u00ednuo de aprendizado e evolu\u00e7\u00e3o. O conhecimento da hist\u00f3ria do Espiritismo permite que os adeptos compreendam melhor suas bases e acompanhem o desenvolvimento da Doutrina ao longo dos anos.<\/p>\n\n\n\n<p>Al\u00e9m disso, estudar os feitos daqueles que vieram antes de n\u00f3s nos inspira a seguir adiante, aprofundando nossos estudos, praticando a caridade e fortalecendo nossa f\u00e9. Afinal, o Espiritismo n\u00e3o \u00e9 uma cren\u00e7a est\u00e1tica, mas um caminho de constante aprendizado e renova\u00e7\u00e3o.<\/p>","protected":false},"excerpt":{"rendered":"<p>O m\u00eas de mar\u00e7o carrega consigo uma s\u00e9rie de acontecimentos importantes para a hist\u00f3ria do Espiritismo no Brasil e no mundo. S\u00e3o datas que n\u00e3o apenas registram fatos do passado, mas que ajudam a compreender a evolu\u00e7\u00e3o da Doutrina, suas bases filos\u00f3ficas e os esfor\u00e7os daqueles que dedicaram suas vidas \u00e0 dissemina\u00e7\u00e3o dos ensinamentos esp\u00edritas. [&hellip;]<\/p>\n","protected":false},"author":84,"featured_media":1397,"comment_status":"open","ping_status":"open","template":"","meta":{"_acf_changed":false,"footnotes":""},"categoria-da-publicacao":[751],"tag-da-publicacao":[],"class_list":["post-10083","publicacao","type-publicacao","status-publish","has-post-thumbnail","hentry","categoria-da-publicacao-sem-categoria"],"acf":[],"_links":{"self":[{"href":"https:\/\/folhaespirita.com.br\/pt\/wp-json\/wp\/v2\/publicacao\/10083","targetHints":{"allow":["GET"]}}],"collection":[{"href":"https:\/\/folhaespirita.com.br\/pt\/wp-json\/wp\/v2\/publicacao"}],"about":[{"href":"https:\/\/folhaespirita.com.br\/pt\/wp-json\/wp\/v2\/types\/publicacao"}],"author":[{"embeddable":true,"href":"https:\/\/folhaespirita.com.br\/pt\/wp-json\/wp\/v2\/users\/84"}],"replies":[{"embeddable":true,"href":"https:\/\/folhaespirita.com.br\/pt\/wp-json\/wp\/v2\/comments?post=10083"}],"version-history":[{"count":1,"href":"https:\/\/folhaespirita.com.br\/pt\/wp-json\/wp\/v2\/publicacao\/10083\/revisions"}],"predecessor-version":[{"id":11666,"href":"https:\/\/folhaespirita.com.br\/pt\/wp-json\/wp\/v2\/publicacao\/10083\/revisions\/11666"}],"wp:featuredmedia":[{"embeddable":true,"href":"https:\/\/folhaespirita.com.br\/pt\/wp-json\/wp\/v2\/media\/1397"}],"wp:attachment":[{"href":"https:\/\/folhaespirita.com.br\/pt\/wp-json\/wp\/v2\/media?parent=10083"}],"wp:term":[{"taxonomy":"categoria-da-publicacao","embeddable":true,"href":"https:\/\/folhaespirita.com.br\/pt\/wp-json\/wp\/v2\/categoria-da-publicacao?post=10083"},{"taxonomy":"tag-da-publicacao","embeddable":true,"href":"https:\/\/folhaespirita.com.br\/pt\/wp-json\/wp\/v2\/tag-da-publicacao?post=10083"}],"curies":[{"name":"wp","href":"https:\/\/api.w.org\/{rel}","templated":true}]}}